{"id":9,"date":"2012-09-19T11:29:06","date_gmt":"2012-09-19T11:29:06","guid":{"rendered":"http:\/\/dev.michaellaitman.kbb1.com\/?page_id=9"},"modified":"2016-11-21T16:22:09","modified_gmt":"2016-11-21T15:22:09","slug":"integral-persective","status":"publish","type":"page","link":"https:\/\/www.michaellaitman.com\/no\/person\/integral-persective\/","title":{"rendered":"Integral perspektiv"},"content":{"rendered":"<div id=\"attachment_127\" style=\"width: 242px\" class=\"wp-caption alignleft\"><a href=\"http:\/\/www.michaellaitman.com\/no\/person\/integral-persective\/13-2\/\" rel=\"attachment wp-att-127\"><img loading=\"lazy\" decoding=\"async\" aria-describedby=\"caption-attachment-127\" class=\" wp-image-127\" src=\"http:\/\/www.michaellaitman.com\/no\/wp-content\/uploads\/2012\/09\/131-290x174.jpg\" alt=\"International Conference &quot;Table of Free Voices&quot; in Berlin, Germany\" width=\"232\" height=\"139\" \/><\/a><p id=\"caption-attachment-127\" class=\"wp-caption-text\">Internasjonal konferanse &#8220;Bordet for frie stemmer&#8221; i Berlin,\u00a0Tyskland<\/p><\/div>\n<p><span style=\"font-weight: 400\">Dagens globale gjensidige avhengighet har blitt en uunng\u00e5elig del av livet. Derimot har menneskeheten enn\u00e5 ikke fullf\u00f8rt overgangen med\u00a0\u00e5 tilpasse seg den nye fasen i sin bevissthet, verdier og systemer<\/span>.<\/p>\n<p><span style=\"font-weight: 400\">\u00c5 finne en l\u00f8sning p\u00e5 disse problemene, inneb\u00e6rer \u00e5 l\u00e6re hvordan menneskeheten best kan integreres i det nye globalt forbundet paradigmet, som i all hovedsak inneb\u00e6rer \u00e5 l\u00e6re og leve ansvarlig p\u00e5 verdens basis.<\/span><\/p>\n<p><span style=\"font-weight: 400\">Det vi oppdager i dag er at de sosiale, politiske og \u00f8konomiske systemene vi har levd med i mange \u00e5r, ikke kan justeres til \u00e5 h\u00e5ndtere det \u00f8kende fenomenet av global gjensidig avhengighet. Dette er grunnen til at vi opplever et verdensomspennende vippepunkt av problemer og tilstander antent av finanskrisen, som igjen generere en ny transformasjon p\u00e5 global skala.<\/span><\/p>\n<p><span style=\"font-weight: 400\">Dagens \u00f8konomin er drevet av verdier av\u00a0egeninteresse, og kan derfor ikke lenger fungere i det nye globalt forbundet rammeverk. De nye omstendigheter krever at folk gj\u00f8r betydelige endringer, for \u00e5 bokstavelig talt kunne gj\u00f8re oss globale, \u00e5 l\u00e6re hvordan vi kan justere v\u00e5r livsstil til de nye globale omstendigheter. <\/span><\/p>\n","protected":false},"excerpt":{"rendered":"<p>Dagens globale gjensidige avhengighet har blitt en uunng\u00e5elig del av livet. Derimot har menneskeheten enn\u00e5 ikke fullf\u00f8rt overgangen med\u00a0\u00e5 tilpasse seg den nye fasen i sin bevissthet, verdier og systemer. \u00c5 finne en l\u00f8sning p\u00e5 disse problemene, inneb\u00e6rer \u00e5 l\u00e6re<span class=\"ellipsis\">&hellip;<\/span><\/p>\n<div class=\"read-more\"><a href=\"https:\/\/www.michaellaitman.com\/no\/person\/integral-persective\/\">Read more &#8250;<\/a><\/div>\n<p><!-- end of .read-more --><\/p>\n","protected":false},"author":1,"featured_media":0,"parent":56,"menu_order":2,"comment_status":"open","ping_status":"open","template":"sidebar-content-page.php","meta":{"ngg_post_thumbnail":0,"footnotes":""},"class_list":["post-9","page","type-page","status-publish","hentry"],"_links":{"self":[{"href":"https:\/\/www.michaellaitman.com\/no\/wp-json\/wp\/v2\/pages\/9","targetHints":{"allow":["GET"]}}],"collection":[{"href":"https:\/\/www.michaellaitman.com\/no\/wp-json\/wp\/v2\/pages"}],"about":[{"href":"https:\/\/www.michaellaitman.com\/no\/wp-json\/wp\/v2\/types\/page"}],"author":[{"embeddable":true,"href":"https:\/\/www.michaellaitman.com\/no\/wp-json\/wp\/v2\/users\/1"}],"replies":[{"embeddable":true,"href":"https:\/\/www.michaellaitman.com\/no\/wp-json\/wp\/v2\/comments?post=9"}],"version-history":[{"count":0,"href":"https:\/\/www.michaellaitman.com\/no\/wp-json\/wp\/v2\/pages\/9\/revisions"}],"up":[{"embeddable":true,"href":"https:\/\/www.michaellaitman.com\/no\/wp-json\/wp\/v2\/pages\/56"}],"wp:attachment":[{"href":"https:\/\/www.michaellaitman.com\/no\/wp-json\/wp\/v2\/media?parent=9"}],"curies":[{"name":"wp","href":"https:\/\/api.w.org\/{rel}","templated":true}]}}