{"id":716,"date":"2019-05-13T09:44:01","date_gmt":"2019-05-13T08:44:01","guid":{"rendered":"https:\/\/www.michaellaitman.com\/fr\/?page_id=716"},"modified":"2020-01-05T10:28:50","modified_gmt":"2020-01-05T09:28:50","slug":"antisemitisme","status":"publish","type":"page","link":"https:\/\/www.michaellaitman.com\/fr\/antisemitisme\/","title":{"rendered":"Antis\u00e9mitisme"},"content":{"rendered":"\n<p><br><\/p>\n\n\n\n<p style=\"text-align:left\"><strong>Pourquoi nous d\u00e9testent-ils, nous les Juifs?<br><\/strong><\/p>\n\n\n\n<p>Les antis\u00e9mites ressentent une d\u00e9pendance \u00e0 l\u2019\u00e9gard des Juifs. Selon eux, les Juifs sont la cause du mal. Cette sensation existe en tout un chacun, plus ou moins consciemment.<\/p>\n\n\n\n<p>Les antis\u00e9mites accusent les Juifs de toute la d\u00e9cadence du monde et ce dans tous les domaines: dans l\u2019\u00e9conomie, les m\u00e9dias, l\u2019arm\u00e9e et dans la politique.&nbsp;<br><\/p>\n\n\n\n<p>Bien que les Juifs ne repr\u00e9sentent que 0.19% de la population mondiale, les sondages montrent que les antis\u00e9mites pensent qu\u2019ils repr\u00e9sentent plus de 20%.<br><\/p>\n\n\n\n<p>Ils sont convaincus que derri\u00e8re tout ce qui se passe dans le monde &#8211; qu\u2019il s\u2019agisse d\u2019un conflit local ou de diff\u00e9rends internationaux- se trouvent les Juifs. De m\u00eame, lorsque le monde conna\u00eet une p\u00e9riode d\u2019apaisement et de calme, l\u2019antis\u00e9mitisme lui aussi conna\u00eet une accalmie.&nbsp;<br><\/p>\n\n\n\n<p>D\u2019o\u00f9 vient ce sentiment de d\u00e9pendance? Nous faisons tous partis d\u2019un m\u00eame r\u00e9seau de connexion. D\u2019apr\u00e8s la sagesse de la Kabbale, les Juifs doivent transmettre \u00e0 l\u2019humanit\u00e9 un savoir qui permettra \u00e0 tout le monde de vivre ensemble.<br><\/p>\n\n\n\n<p>Tant que les Juifs n\u2019accomplissent pas ce r\u00f4le de transmission, l\u2019humanit\u00e9 souffre. Cette derni\u00e8re n\u2019est pas vraiment consciente de la raison de son mal \u00eatre, mais inconsciemment ce sentiment de d\u00e9pendance est enracin\u00e9 dans la nature humaine et fait qu\u2019elle accuse les Juifs de ne pas lui donner les clefs du bonheur qu\u2019elle m\u00e9rite, le programme de correction du monde.<br><\/p>\n\n\n\n<p>Les Juifs eux-m\u00eames ne savaient pas qu\u2019ils disposaient d\u2019une telle force en eux, et ont \u00e9norm\u00e9ment souffert de l\u2019antis\u00e9mitisme, et ce \u00e0 toutes les \u00e9poques, sans en comprendre la raison profonde. Cependant, de nos jours, la m\u00e9thode de la correction de la sagesse de la Kabbale devient de plus en plus \u00e9tudi\u00e9e au sein du peuple d\u2019Isra\u00ebl. D\u00e8s l\u2019instant o\u00f9 elle sera diffus\u00e9e dans le monde entier, la paix et la s\u00e9curit\u00e9 r\u00e9gneront entre les peuples et fera dispara\u00eetre l\u2019ancestrale haine des Juifs.<br><\/p>\n\n\n\n<p><strong>Pourquoi les Juifs se d\u00e9testent-ils entre eux?<\/strong><br><\/p>\n\n\n\n<p>Nous sommes tous pouss\u00e9s \u00e0 ha\u00efr ce qui nous fait mal et peur. Le fait que les Juifs n\u2019accomplissent pas leur r\u00f4le engendre le r\u00e9veil de la haine, de l\u2019antis\u00e9mitisme. Certains d\u2019entre eux se sentent d\u00e9favoris\u00e9s et stress\u00e9s \u00e0 cause de l\u2019antis\u00e9mitisme. Pour fuir ce sentiment, certains se sont install\u00e9s dans diff\u00e9rents pays et ont cach\u00e9 leur identit\u00e9 juive. Pire encore, ils d\u00e9testent les Juifs consciemment ou inconsciemment.&nbsp;<br><\/p>\n\n\n\n<p>Nous savons que dans toute organisation internationale et plus pr\u00e9cis\u00e9ment celles qui agissent contre le peuple Juif et contre l\u2019Etat d\u2019Isra\u00ebl, comme le BDS, il y a des activistes Juifs et des Isra\u00e9liens. Ce sont les pires antis\u00e9mites qui soient. En agissant ainsi, ils cherchent \u00e0 s\u2019exempter de leur mission, ils d\u00e9racinent leur racine spirituelle. Ils pensent m\u00eame que s\u2019ils se convertissent \u00e0 l\u2019Islam ou au Christianisme, ils perdront leur g\u00e8ne spirituel inscrit en eux, cependant une telle chose est impossible.&nbsp;<br><\/p>\n\n\n\n<p>Les Juifs resteront pour toujours et \u00e0 jamais Juifs, parce que leur racine spirituelle juive se trouve au-dessus de la nature, et qu\u2019elle le leur impose. De leur c\u00f4t\u00e9, les nations du monde peuvent, si elles le d\u00e9sirent, devenir juives.<br><\/p>\n\n\n\n<p>Tant que les Juifs ne reconna\u00eetront pas qui ils sont, ils ne pourront pas choisir leur avenir. Cette ignorance les conduira \u00e0 ha\u00efr encore plus le peuple d\u2019Isra\u00ebl et \u00e0 agir de toutes ses forces \u00e0 son encontre.<br><\/p>\n\n\n\n<p><strong>Pourquoi les nations du monde pensent que les Juifs complotent pour contr\u00f4ler le monde?<\/strong><br><\/p>\n\n\n\n<p>Cette id\u00e9e vient du fait que les Juifs dispose de la m\u00e9thode de correction du monde. Cette m\u00e9thode doit \u00eatre transmise \u00e0 tous les peuples et elle apportera la paix et l\u2019\u00e9ternit\u00e9.<br><\/p>\n\n\n\n<p>Les nations du monde le ressentent inconsciemment mais ne savent pas d\u2019o\u00f9 ce sentiment vient, son origine, et elle sentent qu\u2019elles d\u00e9pendent des Juifs parce qu\u2019ils sont les d\u00e9positaires de cette m\u00e9thode \u00e0 transmettre. Les gens pensent que les Juifs ont un secret qu\u2019ils refusent de r\u00e9v\u00e9ler, le secret du bonheur de toute l\u2019humanit\u00e9 qui r\u00e9soudra tous les probl\u00e8mes et qu\u2019\u00e0 la place, ils complotent pour contr\u00f4ler le monde entier.<br><\/p>\n\n\n\n<p>Cette attitude a commenc\u00e9 apr\u00e8s la destruction du second Temple et continuera tant que les Juifs ne transmettront pas la m\u00e9thode de correction de l\u2019homme, en lui expliquant quelle est sa nature et comment il doit se comporter pour vivre en harmonie et en \u00e9quilibre avec les forces de la nature afin de vivre heureux.<br><\/p>\n\n\n\n<p><strong>Pourquoi les nazis d\u00e9testaient-ils les Juifs?<\/strong><br><\/p>\n\n\n\n<p>Premi\u00e8re raison: Le parti nazi s\u2019en est servi comme une possibilit\u00e9 d\u2019unir le peuple allemand apr\u00e8s la premi\u00e8re guerre mondiale et apr\u00e8s la crise de 1929 qui a profond\u00e9ment touch\u00e9e l\u2019\u00e9conomie allemande. Hitler s\u2019est servi de l\u2019antis\u00e9mitisme pour assouvir des ambitions politiques et acc\u00e9der au pouvoir. Il convient de pr\u00e9ciser que tous les Allemands n\u2019\u00e9taient pas antis\u00e9mites. Hitler a re\u00e7u le soutien de nombreux pays d\u2019Europe et des Etats-Unis.<br><\/p>\n\n\n\n<p>Deuxi\u00e8me raison: Depuis des milliers d\u2019ann\u00e9es, les Juifs se sont illustr\u00e9s dans de nombreux domaines: politique; \u00e9conomique, juridique, m\u00e9dical, social, technologique etc. Le r\u00e9gime nazi y voyait une menace puisque le pangermanisme voulait diriger le monde entier et la pr\u00e9sence juive sur tous les continents \u00e9tait g\u00eanante. Il voyait les Juifs comme un obstacle \u00e0 sa domination. C\u2019est pourquoi, les nazis ont commenc\u00e9 \u00e0 oeuvrer contre les Juifs en prenant des mesures discriminatoires qui ont escalad\u00e9 jusqu\u2019\u00e0 l\u2019extermination.<br><\/p>\n\n\n\n<p>Le nazisme s\u2019est bas\u00e9 sur le racisme qui s\u2019est d\u00e9velopp\u00e9 au 19\u00e8me si\u00e8cle avec le Darwinisme social qui pr\u00e9conise la domination par une \u00e9lite et l\u2019\u00e9limination des races humaines et des \u00eatres les plus faibles.<br><\/p>\n\n\n\n<p>C\u2019est cette id\u00e9ologie que les nazis ont reprises pour justifier leur politique antis\u00e9mite. Les Juifs sont une race inf\u00e9rieure qui nuit \u00e0 la soci\u00e9t\u00e9. Ils ont donc cherch\u00e9 \u00e0 montrer que les Juifs avaient des g\u00e8nes diff\u00e9rents des autres \u00eatres humains. Ils n\u2019ont pas h\u00e9sit\u00e9 \u00e0 faire des exp\u00e9rimentations, n\u00e9anmoins, ils ne sont pas arriv\u00e9s \u00e0 le prouver. En effet, le \u201cg\u00e8ne\u201d juif est spirituel qui se compose de l\u2019union de tous les peuples vivant \u00e0 l\u2019\u00e9poque d\u2019Abraham, \u00e0 Babylone il y a plus de 3800 ans.&nbsp;<br><\/p>\n\n\n\n<p><strong>Pourquoi les Juifs sont-ils admir\u00e9s par les non-juifs?<\/strong><br><\/p>\n\n\n\n<p>Les Juifs ont une racine spirituelle qu\u2019aucun autre peuple n\u2019a. Cette racine spirituelle est la source de tout le bien qui doit \u00eatre transmis \u00e0 l\u2019ensemble de l\u2019humanit\u00e9, par un interm\u00e9diaire, un relai entre la force sup\u00e9rieure et l\u201dhumanit\u00e9. Telle est le r\u00f4le du peuple Juif: \u00eatre la lumi\u00e8re pour les nations du monde.&nbsp;<br><\/p>\n\n\n\n<p>L\u2019humanit\u00e9 le ressent et \u00e9veille en elle soit de l\u2019admiration soit de la haine.&nbsp;<br><\/p>\n\n\n\n<p>Ainsi de c\u00e9l\u00e8bres auteurs ont exprim\u00e9 leur admiration:<br><\/p>\n\n\n\n<p>&nbsp;\u201cUn Juif est un \u00eatre sacr\u00e9 qui s\u2019est procur\u00e9 un feu \u00e9ternel du ciel et, avec lui il \u00e9claire la terre et ceux qui y vivent. Il est le printemps et la source d\u2019o\u00f9 le reste des nations a puis\u00e9 leurs religions et leurs croyances&#8230;Un Juif est \u00e9ternel, il est une incarnation de l\u2019\u00e9ternit\u00e9.<\/p>\n\n\n\n<p>L\u00e9on Tolsto\u00ef 1891 (<em>Qu\u2019est-ce qu\u2019un Juif <\/em>?, imprim\u00e9 dans la Revue du monde juif, 1908)<\/p>\n\n\n\n<p>\u00ab Certains aiment les Juifs, et d&rsquo;autres non. Mais aucun homme de r\u00e9flexion ne peut nier le fait qu&rsquo;ils sont, au-del\u00e0 de toute question, la \u201crace\u201d la plus formidable et la plus remarquable qui soit apparue dans le monde. \u00bb<\/p>\n\n\n\n<p><strong>Winston Churchill<\/strong>, Premier ministre de Grande-Bretagne<\/p>\n\n\n\n<p>\u00ab Assur\u00e9ment, un monde sans Juifs aurait \u00e9t\u00e9 un endroit radicalement diff\u00e9rent. L\u2019humanit\u00e9 aurait pu, t\u00f4t ou tard, finir par tr\u00e9bucher sur toutes les valeurs juives. Mais rien n\u2019est moins s\u00fbr. Toutes les grandes d\u00e9couvertes conceptuelles de l\u2019intellect humain semblent \u00e9videntes et incontournables une fois qu\u2019elles ont \u00e9t\u00e9 r\u00e9v\u00e9l\u00e9es, mais il faut un g\u00e9nie particulier pour les formuler pour la premi\u00e8re fois. Les Juifs ont eu ce don. C\u2019est \u00e0 eux que nous devons l\u2019id\u00e9e d\u2019\u00e9galit\u00e9 devant la loi, tant divine qu\u2019humaine ; celle de la saintet\u00e9 de la vie et de la dignit\u00e9 de l\u2019\u00eatre humain ; celle de la conscience individuelle et donc celle de la r\u00e9demption personnelle ; celle de la conscience collective et donc celle de la responsabilit\u00e9 sociale ; celle de la paix en tant qu\u2019id\u00e9al abstrait et de l\u2019amour comme fondement de la justice, et bien d\u2019autres notions qui constituent le substrat moral fondamental de l\u2019esprit humain. Sans les Juifs, [le monde] aurait pu \u00eatre un lieu bien plus vide. \u00bb<\/p>\n\n\n\n<p><strong>Paul Johnson<\/strong>, Une histoire des Juifs, \u00c9pilogue<\/p>\n\n\n\n<p>\u201cCe peuple n&rsquo;est pas seulement consid\u00e9rable par son antiquit\u00e9 mais il est encore singulier en sa dur\u00e9e, qui a toujours continu\u00e9 depuis son origine jusqu&rsquo;\u00e0 maintenant&#8230; ceux-ci subsistent toujours et malgr\u00e9 les entreprises de tant de puissants rois qui ont cent fois essay\u00e9 de les faire p\u00e9rir\u201d.<br><strong>Blaise Pascal<\/strong> Pens\u00e9es; S\u00e9rie 6 &#8211; Les avantages du peuple Juif:<br><\/p>\n","protected":false},"excerpt":{"rendered":"<p>Pourquoi nous d\u00e9testent-ils, nous les Juifs? Les antis\u00e9mites ressentent une d\u00e9pendance \u00e0 l\u2019\u00e9gard des Juifs. Selon eux, les Juifs sont la cause du mal. Cette sensation existe en tout un chacun, plus ou moins consciemment. Les antis\u00e9mites accusent les Juifs<span class=\"ellipsis\">&hellip;<\/span><\/p>\n<div class=\"read-more\"><a href=\"https:\/\/www.michaellaitman.com\/fr\/antisemitisme\/\">Lire la suite &#8250;<\/a><\/div>\n<p><!-- end of .read-more --><\/p>\n","protected":false},"author":46,"featured_media":0,"parent":0,"menu_order":1,"comment_status":"closed","ping_status":"closed","template":"content-sidebar-page.php","meta":{"ngg_post_thumbnail":0,"footnotes":""},"class_list":["post-716","page","type-page","status-publish","hentry"],"_links":{"self":[{"href":"https:\/\/www.michaellaitman.com\/fr\/wp-json\/wp\/v2\/pages\/716","targetHints":{"allow":["GET"]}}],"collection":[{"href":"https:\/\/www.michaellaitman.com\/fr\/wp-json\/wp\/v2\/pages"}],"about":[{"href":"https:\/\/www.michaellaitman.com\/fr\/wp-json\/wp\/v2\/types\/page"}],"author":[{"embeddable":true,"href":"https:\/\/www.michaellaitman.com\/fr\/wp-json\/wp\/v2\/users\/46"}],"replies":[{"embeddable":true,"href":"https:\/\/www.michaellaitman.com\/fr\/wp-json\/wp\/v2\/comments?post=716"}],"version-history":[{"count":0,"href":"https:\/\/www.michaellaitman.com\/fr\/wp-json\/wp\/v2\/pages\/716\/revisions"}],"wp:attachment":[{"href":"https:\/\/www.michaellaitman.com\/fr\/wp-json\/wp\/v2\/media?parent=716"}],"curies":[{"name":"wp","href":"https:\/\/api.w.org\/{rel}","templated":true}]}}